{"id":1,"date":"2019-09-02T07:23:47","date_gmt":"2019-09-02T07:23:47","guid":{"rendered":"https:\/\/lopescancado.adv.br\/?p=1"},"modified":"2023-04-12T08:18:45","modified_gmt":"2023-04-12T11:18:45","slug":"home","status":"publish","type":"page","link":"https:\/\/lopescancado.adv.br\/","title":{"rendered":"Home"},"content":{"rendered":"<div>\n<h2>O Escrit\u00f3rio<\/h2>\n<div>A Lopes Can\u00e7ado Advocacia e Consultoria Jur\u00eddica possui s\u00f3lida experi\u00eancia no mercado, tendo como principal preocupa\u00e7\u00e3o o atendimento aos nossos clientes com qualidade e presteza, e para isso contamos com a especializa\u00e7\u00e3o de uma equipe de advogados capaz de responder \u00e0s demandas de forma integral e eficaz, desde as inst\u00e2ncias prim\u00e1rias at\u00e9 os Tribunais Superiores, em assuntos corporativos e individuais.<\/div>\n<p><a href=\"\/novosite\/index.php?page_id=23\">Saiba mais<\/a><\/p>\n<\/div>\n<h2>\u00c1rea de<span class=\"uk-text-primary\"> Atua\u00e7\u00e3o<\/span><\/h2>\n<ul>\n<li>\n<div>Advocacia nos Tribunais Superiores e Tribunais Regionais<\/div>\n<\/li>\n<li>\n<div>Advocacia no Tribunal de Contas da Uni\u00e3o<\/div>\n<\/li>\n<li>\n<div>Direito Eleitoral<\/div>\n<\/li>\n<li>\n<div>Direito Administrativo<\/div>\n<\/li>\n<li>\n<div>Direito Empresarial<\/div>\n<\/li>\n<li>\n<div>Consultoria e Assessoria Jur\u00eddica em Franchising<\/div>\n<\/li>\n<li>\n<div>Direito do Trabalho \/ Previdenci\u00e1rio<\/div>\n<\/li>\n<li>\n<div>Direito Civil e Processual Civil<\/div>\n<\/li>\n<li>\n<div>Direito Tribut\u00e1rio<\/div>\n<\/li>\n<li>\n<div>Direito Penal<\/div>\n<\/li>\n<\/ul>\n<p>\n    <a href=\"\/novosite\/index.php?page_id=22\">Saiba mais<\/a>\n<\/p>\n<h1>@lopescancadoadvocacia<\/h1>\n<div>\n<p><span>        <div\n            class=\"spotlight-instagram-feed\"\n            data-feed-var=\"6dc0c32f\"\n            data-analytics=\"0\"\n            data-instance=\"1\"\n        >\n        <\/div>\n        <input type=\"hidden\" id=\"sli__f__6dc0c32f\" data-json='{&quot;useCase&quot;:&quot;accounts&quot;,&quot;template&quot;:&quot;classic&quot;,&quot;layout&quot;:&quot;grid&quot;,&quot;numColumns&quot;:{&quot;desktop&quot;:3},&quot;highlightFreq&quot;:{&quot;desktop&quot;:7},&quot;sliderNumScrollPosts&quot;:{&quot;desktop&quot;:1},&quot;sliderInfinite&quot;:true,&quot;sliderLoop&quot;:false,&quot;sliderArrowPos&quot;:{&quot;desktop&quot;:&quot;inside&quot;},&quot;sliderArrowSize&quot;:{&quot;desktop&quot;:20},&quot;sliderArrowColor&quot;:{&quot;r&quot;:255,&quot;b&quot;:255,&quot;g&quot;:255,&quot;a&quot;:1},&quot;sliderArrowBgColor&quot;:{&quot;r&quot;:0,&quot;b&quot;:0,&quot;g&quot;:0,&quot;a&quot;:0.80000000000000004},&quot;sliderAutoScroll&quot;:false,&quot;sliderAutoInterval&quot;:3,&quot;postOrder&quot;:&quot;date_desc&quot;,&quot;numPosts&quot;:{&quot;desktop&quot;:9},&quot;linkBehavior&quot;:{&quot;desktop&quot;:&quot;lightbox&quot;},&quot;feedWidth&quot;:{&quot;desktop&quot;:&quot;&quot;},&quot;feedHeight&quot;:{&quot;desktop&quot;:&quot;&quot;},&quot;feedPadding&quot;:{&quot;desktop&quot;:24,&quot;tablet&quot;:14,&quot;phone&quot;:10},&quot;imgPadding&quot;:{&quot;desktop&quot;:10,&quot;tablet&quot;:10,&quot;phone&quot;:6},&quot;textSize&quot;:{&quot;desktop&quot;:&quot;&quot;,&quot;tablet&quot;:&quot;&quot;,&quot;phone&quot;:&quot;&quot;},&quot;bgColor&quot;:{&quot;r&quot;:255,&quot;g&quot;:255,&quot;b&quot;:255,&quot;a&quot;:1},&quot;hoverInfo&quot;:[&quot;likes_comments&quot;,&quot;insta_link&quot;],&quot;textColorHover&quot;:{&quot;r&quot;:255,&quot;g&quot;:255,&quot;b&quot;:255,&quot;a&quot;:1},&quot;bgColorHover&quot;:{&quot;r&quot;:0,&quot;g&quot;:0,&quot;b&quot;:0,&quot;a&quot;:0.5},&quot;showHeader&quot;:{&quot;desktop&quot;:true},&quot;headerInfo&quot;:{&quot;desktop&quot;:[&quot;profile_pic&quot;,&quot;bio&quot;]},&quot;headerAccount&quot;:5,&quot;headerStyle&quot;:{&quot;desktop&quot;:&quot;normal&quot;,&quot;phone&quot;:&quot;normal&quot;},&quot;headerTextSize&quot;:{&quot;desktop&quot;:&quot;&quot;},&quot;headerPhotoSize&quot;:{&quot;desktop&quot;:50},&quot;headerTextColor&quot;:{&quot;r&quot;:0,&quot;g&quot;:0,&quot;b&quot;:0,&quot;a&quot;:1},&quot;headerBgColor&quot;:{&quot;r&quot;:255,&quot;g&quot;:255,&quot;b&quot;:255,&quot;a&quot;:0},&quot;headerPadding&quot;:{&quot;desktop&quot;:0,&quot;phone&quot;:0},&quot;customProfilePic&quot;:0,&quot;customBioText&quot;:&quot;&quot;,&quot;includeStories&quot;:false,&quot;storiesInterval&quot;:5,&quot;showCaptions&quot;:{&quot;desktop&quot;:false},&quot;captionMaxLength&quot;:{&quot;desktop&quot;:0},&quot;captionRemoveDots&quot;:false,&quot;captionSize&quot;:{&quot;desktop&quot;:0},&quot;captionColor&quot;:{&quot;r&quot;:0,&quot;g&quot;:0,&quot;b&quot;:0,&quot;a&quot;:1},&quot;showLikes&quot;:{&quot;desktop&quot;:false},&quot;showComments&quot;:{&quot;desktop&quot;:false},&quot;lcIconSize&quot;:{&quot;desktop&quot;:14},&quot;likesIconColor&quot;:{&quot;r&quot;:0,&quot;g&quot;:0,&quot;b&quot;:0,&quot;a&quot;:1},&quot;commentsIconColor&quot;:{&quot;r&quot;:0,&quot;g&quot;:0,&quot;b&quot;:0,&quot;a&quot;:1},&quot;lightboxShowSidebar&quot;:false,&quot;lightboxCtaStyle&quot;:&quot;link&quot;,&quot;lightboxCtaDesign&quot;:{&quot;text&quot;:{&quot;color&quot;:{&quot;r&quot;:0,&quot;g&quot;:0,&quot;b&quot;:0,&quot;a&quot;:1},&quot;align&quot;:&quot;center&quot;},&quot;bgColor&quot;:{&quot;r&quot;:230,&quot;g&quot;:230,&quot;b&quot;:230,&quot;a&quot;:1},&quot;border&quot;:{&quot;radius&quot;:3}},&quot;numLightboxComments&quot;:50,&quot;showLoadMoreBtn&quot;:{&quot;desktop&quot;:true},&quot;loadMoreBtnDesign&quot;:{&quot;text&quot;:{&quot;color&quot;:{&quot;r&quot;:35,&quot;g&quot;:143,&quot;b&quot;:181,&quot;a&quot;:1},&quot;align&quot;:&quot;center&quot;},&quot;border&quot;:{&quot;radius&quot;:3},&quot;bgColor&quot;:{&quot;r&quot;:41,&quot;g&quot;:167,&quot;b&quot;:210,&quot;a&quot;:0.10000000000000001},&quot;margin&quot;:{&quot;top&quot;:0,&quot;bottom&quot;:0,&quot;left&quot;:0,&quot;right&quot;:0}},&quot;loadMoreBtnText&quot;:&quot;Carregar mais Posts&quot;,&quot;loadMoreBtnScroll&quot;:false,&quot;autoload&quot;:false,&quot;showFollowBtn&quot;:{&quot;desktop&quot;:true},&quot;followBtnText&quot;:&quot;Follow on Instagram&quot;,&quot;followBtnDesign&quot;:{&quot;text&quot;:{&quot;color&quot;:{&quot;r&quot;:255,&quot;g&quot;:255,&quot;b&quot;:255,&quot;a&quot;:1},&quot;align&quot;:&quot;center&quot;},&quot;border&quot;:{&quot;radius&quot;:3},&quot;bgColor&quot;:{&quot;r&quot;:41,&quot;g&quot;:167,&quot;b&quot;:210,&quot;a&quot;:1},&quot;margin&quot;:{&quot;top&quot;:0,&quot;bottom&quot;:0,&quot;left&quot;:0,&quot;right&quot;:0}},&quot;followBtnLocation&quot;:{&quot;desktop&quot;:&quot;header&quot;,&quot;phone&quot;:&quot;bottom&quot;},&quot;alignFooterButtons&quot;:{&quot;desktop&quot;:false},&quot;customCss&quot;:&quot;\\\/* Enter your custom CSS below *\\\/\\n\\n&quot;,&quot;accounts&quot;:[2867],&quot;tagged&quot;:[],&quot;hashtags&quot;:[],&quot;mediaType&quot;:&quot;all&quot;,&quot;hashtagWhitelist&quot;:[],&quot;hashtagBlacklist&quot;:[],&quot;captionWhitelist&quot;:[],&quot;captionBlacklist&quot;:[],&quot;hashtagWhitelistSettings&quot;:true,&quot;hashtagBlacklistSettings&quot;:true,&quot;captionWhitelistSettings&quot;:true,&quot;captionBlacklistSettings&quot;:true,&quot;moderation&quot;:[],&quot;moderationMode&quot;:&quot;blacklist&quot;,&quot;promosVersion&quot;:2,&quot;promosEnabled&quot;:true,&quot;globalPromosEnabled&quot;:true,&quot;autoPromosEnabled&quot;:true,&quot;promoOverrides&quot;:[],&quot;feedPromo&quot;:{&quot;linkSource&quot;:{&quot;type&quot;:null},&quot;linkBehavior&quot;:{&quot;openNewTab&quot;:false,&quot;showPopupBox&quot;:false},&quot;linkText&quot;:&quot;&quot;},&quot;gaCampaignSource&quot;:&quot;&quot;,&quot;gaCampaignMedium&quot;:&quot;&quot;,&quot;gaCampaignName&quot;:&quot;&quot;}' \/>\n        <input type=\"hidden\" id=\"sli__a__6dc0c32f\" data-json='[{&quot;id&quot;:2867,&quot;type&quot;:&quot;PERSONAL&quot;,&quot;userId&quot;:&quot;17841410662788878&quot;,&quot;username&quot;:&quot;lopescancadoadvocacia&quot;,&quot;bio&quot;:&quot;&quot;,&quot;customBio&quot;:&quot;&quot;,&quot;profilePicUrl&quot;:&quot;&quot;,&quot;customProfilePicUrl&quot;:&quot;https:\\\/\\\/lopescancado.adv.br\\\/wp-content\\\/uploads\\\/2023\\\/04\\\/logtipo-insta.jpg&quot;,&quot;mediaCount&quot;:&quot;164&quot;,&quot;followersCount&quot;:&quot;0&quot;,&quot;usages&quot;:[]}]' \/>\n        <input type=\"hidden\" id=\"sli__m__6dc0c32f\" data-json='[]' \/>\n        <\/span><\/p>\n<\/div>\n<p>\n    <a href=\"https:\/\/www.instagram.com\/lopescancadoadvocacia\/\">Siga-nos no Instagram<\/a>\n<\/p>\n<h2>Publica\u00e7\u00f5es<\/h2>\n<ul>\n<li>\n<h4>Cartilha Elei\u00e7\u00f5es 2014 &#8211; Calend\u00e1rio Eleitoral<\/h4>\n<div>\n<p><span>Cartilha Elei\u00e7\u00f5es 2014 &#8211; Calend\u00e1rio Eleitoral &#8211; 2a Edi\u00e7\u00e3o &#8211; Resolu\u00e7\u00e3o N. 23.390 do Tribunal Superior Eleitoral. Entenda as regras b\u00e1sicas para a corrida eleitoral 2014&#8230;<\/span><\/p>\n<\/div>\n<p><a href=\"\/novosite\/wp-content\/uploads\/2023\/03\/cartilha_prazos_eleitorais_web.pdf\">Leia mais<\/a><\/p>\n<\/li>\n<li>\n<h4>FRANQUIAS: Setor deve crescer 14% e faturar R$117 Bi &#8211; Mercado de Franquias gerou 285 mil novas vagas de emprego em 2013<\/h4>\n<div>\n<p><span>O setor de franquias vem crescendo a passos largos no Brasil. Dados indicam que em 2013 foram abertas 13.699 franquias no Pa\u00eds. Isso equivale a 38 neg\u00f3cios por dia. Informa\u00e7\u00f5es financeiras revelam que o faturamento do franchising teve grande crescimento&#8230;<\/span><\/p>\n<\/div>\n<p><a href=\"\/novosite\/wp-content\/uploads\/2023\/03\/franquias_artigo.pdf\">Leia mais<\/a><\/p>\n<\/li>\n<li>\n<h4>&#8220;Ser-no-mundo: as possibilidades da jurisdi\u00e7\u00e3o constitucional como experimento humano&#8221;<\/h4>\n<div>\n<p><span>Trabalho de conclus\u00e3o do curso de Direito &#8211; Hazenclever Lopes Can\u00e7ado J\u00fanior. Banca composta por: Prof. Dr. Gilmar Mendes (Orientador), Prof. Dr. Neviton Guedes, Prof. Mestre Rodrigo Mudrovitsch.<\/span><\/p>\n<\/div>\n<p><a href=\"\/novosite\/wp-content\/uploads\/2023\/03\/Monografia_HazencleverLopesCancadoJunior.pdf\">Leia mais<\/a><\/p>\n<\/li>\n<li>\n<h4>Minireforna pol\u00edtica trai a sociedade<\/h4>\n<div>\n<p><span>Ap\u00f3s quase duas d\u00e9cadas de tramita\u00e7\u00e3o de projetos de reforma pol\u00edtica no Congresso, o Senado Federal e C\u00e2mara dos Deputados modificaram a Lei Eleitoral (Lei n. 9.504\/1997) e a Lei dos Partidos Pol\u00edticos (Lei n. 9.096\/1995), aprovando uma reforma eleitoral t\u00edmida, de poucos avan\u00e7os efetivos, alterando apenas regras eleitorais, sem mudan\u00e7as amplas e essenciais reivindicadas pelos brasileiros que foram \u00e0s ruas em Junho deste ano.\u00a0<\/span><\/p>\n<\/div>\n<p><a href=\"\/novosite\/wp-content\/uploads\/2023\/03\/artigo_minireforma.pdf\">Leia mais<\/a><\/p>\n<\/li>\n<\/ul>\n<p>\n    <a href=\"\/novosite\/index.php?page_id=6\">Veja todas as publica\u00e7\u00f5es<\/a>\n<\/p>\n<p><!--more--><br \/>\n<!-- {\"name\":\"Home\",\"type\":\"layout\",\"children\":[{\"name\":\"Escrit\\u00f3rio\",\"type\":\"section\",\"props\":{\"animation_delay\":false,\"header_overlay\":\"light\",\"height_viewport\":false,\"image\":\"wp-content\\\/uploads\\\/yootheme\\\/home-company-bg.jpg\",\"image_effect\":\"parallax\",\"image_parallax_bgy\":\"-100,100\",\"image_parallax_breakpoint\":\"m\",\"image_parallax_easing\":\"1\",\"image_position\":\"center-center\",\"image_size\":\"cover\",\"image_width\":\"1560\",\"media\":\"\",\"padding\":\"xlarge\",\"padding_remove_top\":false,\"style\":\"default\",\"title_breakpoint\":\"xl\",\"title_position\":\"top-left\",\"title_rotation\":\"left\",\"vertical_align\":\"middle\",\"width\":\"small\"},\"children\":[{\"name\":\"\",\"type\":\"row\",\"props\":{\"column_gap\":\"small\",\"layout\":\"1-2,1-2\",\"row_gap\":\"small\",\"vertical_align\":false,\"width\":\"default\"},\"children\":[{\"name\":\"\",\"type\":\"column\",\"props\":{\"image_position\":\"center-center\",\"media_overlay_gradient\":\"\",\"position_sticky_breakpoint\":\"m\",\"width_medium\":\"1-2\"},\"children\":[{\"name\":\"\",\"type\":\"panel\",\"props\":{\"block_align\":\"center\",\"content\":\"A Lopes Can\\u00e7ado Advocacia e Consultoria Jur\\u00eddica possui s\\u00f3lida experi\\u00eancia no mercado, tendo como principal preocupa\\u00e7\\u00e3o o atendimento aos nossos clientes com qualidade e presteza, e para isso contamos com a especializa\\u00e7\\u00e3o de uma equipe de advogados capaz de responder \\u00e0s demandas de forma integral e eficaz, desde as inst\\u00e2ncias prim\\u00e1rias at\\u00e9 os Tribunais Superiores, em assuntos corporativos e individuais.\",\"content_column_breakpoint\":\"m\",\"icon\":\"\",\"icon_width\":80,\"image_align\":\"top\",\"image_grid_breakpoint\":\"m\",\"image_grid_width\":\"1-2\",\"image_svg_color\":\"emphasis\",\"link\":\"index.php?page_id=23\",\"link_style\":\"primary\",\"link_text\":\"Saiba mais\",\"margin\":\"\",\"maxwidth\":\"large\",\"meta_align\":\"below-title\",\"meta_element\":\"div\",\"meta_style\":\"text-meta\",\"text_align\":\"left\",\"title\":\"O Escrit\\u00f3rio\",\"title_align\":\"top\",\"title_element\":\"h2\",\"title_grid_breakpoint\":\"m\",\"title_grid_width\":\"1-2\",\"title_hover_style\":\"reset\",\"title_style\":\"h3\"}}]},{\"name\":\"\",\"type\":\"column\",\"props\":{\"image_position\":\"center-center\",\"media_overlay_gradient\":\"\",\"position_sticky_breakpoint\":\"m\",\"width_medium\":\"1-2\"}}]}]},{\"name\":\"Atua\\u00e7\\u00e3o\",\"type\":\"section\",\"props\":{\"animation\":\"fade\",\"animation_delay\":\"200\",\"image_position\":\"center-center\",\"padding\":\"large\",\"style\":\"default\",\"title_breakpoint\":\"xl\",\"title_position\":\"top-left\",\"title_rotation\":\"left\",\"vertical_align\":\"middle\",\"width\":\"default\"},\"children\":[{\"name\":\"\",\"type\":\"row\",\"children\":[{\"name\":\"\",\"type\":\"column\",\"props\":{\"image_position\":\"center-center\",\"media_overlay_gradient\":\"\",\"position_sticky_breakpoint\":\"m\",\"width_medium\":\"1-1\"},\"children\":[{\"name\":\"\",\"type\":\"headline\",\"props\":{\"content\":\"\\u00c1rea de<span class=\\\"uk-text-primary\\\"> Atua\\u00e7\\u00e3o<\\\/span>\",\"margin\":\"large\",\"text_align\":\"center\",\"title_element\":\"h2\"}},{\"type\":\"list\",\"props\":{\"column\":\"1-2\",\"column_breakpoint\":\"m\",\"image_align\":\"left\",\"image_svg_color\":\"emphasis\",\"image_vertical_align\":true,\"list_element\":\"ul\",\"list_horizontal_separator\":\", \",\"list_marker\":\"hyphen\",\"list_style\":\"divider\",\"list_type\":\"vertical\",\"show_image\":true,\"show_link\":true},\"children\":[{\"type\":\"list_item\",\"props\":{\"content\":\"Advocacia nos Tribunais Superiores e Tribunais Regionais\"}},{\"type\":\"list_item\",\"props\":{\"content\":\"Advocacia no Tribunal de Contas da Uni\\u00e3o\"}},{\"type\":\"list_item\",\"props\":{\"content\":\"Direito Eleitoral\"}},{\"type\":\"list_item\",\"props\":{\"content\":\"Direito Administrativo\"}},{\"type\":\"list_item\",\"props\":{\"content\":\"Direito Empresarial\"}},{\"type\":\"list_item\",\"props\":{\"content\":\"Consultoria e Assessoria Jur\\u00eddica em Franchising\"}},{\"type\":\"list_item\",\"props\":{\"content\":\"Direito do Trabalho \\\/ Previdenci\\u00e1rio\"}},{\"type\":\"list_item\",\"props\":{\"content\":\"Direito Civil e Processual Civil\"}},{\"type\":\"list_item\",\"props\":{\"content\":\"Direito Tribut\\u00e1rio\"}},{\"type\":\"list_item\",\"props\":{\"content\":\"Direito Penal\"}}]},{\"type\":\"button\",\"props\":{\"button_size\":\"large\",\"grid_column_gap\":\"small\",\"grid_row_gap\":\"small\",\"margin\":\"default\",\"text_align\":\"center\"},\"children\":[{\"type\":\"button_item\",\"props\":{\"button_style\":\"primary\",\"content\":\"Saiba mais\",\"icon\":\"\",\"icon_align\":\"left\",\"link\":\"index.php?page_id=22\"}}]}]}]}]},{\"type\":\"section\",\"props\":{\"image_position\":\"center-center\",\"style\":\"default\",\"title_breakpoint\":\"xl\",\"title_position\":\"top-left\",\"title_rotation\":\"left\",\"vertical_align\":\"middle\",\"width\":\"default\"},\"children\":[{\"type\":\"row\",\"children\":[{\"type\":\"column\",\"props\":{\"image_position\":\"center-center\",\"media_overlay_gradient\":\"\",\"position_sticky_breakpoint\":\"m\"},\"children\":[{\"type\":\"headline\",\"props\":{\"content\":\"@lopescancadoadvocacia\",\"text_align\":\"center\",\"title_element\":\"h1\"}},{\"type\":\"text\",\"props\":{\"column_breakpoint\":\"m\",\"content\":\"\n\n<p><span>[instagram feed=\\\"2968\\\"]<\\\/span><\\\/p>\",\"margin\":\"default\"}},{\"type\":\"button\",\"props\":{\"grid_column_gap\":\"small\",\"grid_row_gap\":\"small\",\"margin\":\"default\",\"text_align\":\"center\"},\"children\":[{\"type\":\"button_item\",\"props\":{\"button_style\":\"primary\",\"content\":\"Siga-nos no Instagram\",\"icon\":\"instagram\",\"icon_align\":\"left\",\"link\":\"https:\\\/\\\/www.instagram.com\\\/lopescancadoadvocacia\\\/\",\"link_target\":\"blank\"}}]}]}]}],\"name\":\"Instagram\"},{\"name\":\"Equipe\",\"type\":\"section\",\"props\":{\"animation_delay\":false,\"height_viewport\":false,\"image\":\"\",\"image_position\":\"center-center\",\"image_size\":\"cover\",\"media\":\"images\\\/home-quality.jpg\",\"padding\":\"xsmall\",\"style\":\"default\",\"text_color\":\"light\",\"title_breakpoint\":\"xl\",\"title_position\":\"top-left\",\"title_rotation\":\"left\",\"vertical_align\":\"middle\",\"width\":\"\"},\"children\":[{\"name\":\"\",\"type\":\"row\",\"props\":{\"column_gap\":\"medium\",\"row_gap\":\"medium\",\"status\":\"disabled\"},\"children\":[{\"name\":\"\",\"type\":\"column\",\"props\":{\"image\":\"\",\"image_height\":\"558\",\"image_position\":\"center-center\",\"image_size\":\"cover\",\"image_width\":\"522\",\"media_overlay_gradient\":\"\",\"padding\":\"xlarge\",\"position_sticky_breakpoint\":\"m\",\"width_medium\":\"1-1\"},\"children\":[{\"name\":\"\",\"type\":\"headline\",\"props\":{\"content\":\"Nossa<span class=\\\"uk-text-primary\\\"> Equipe<\\\/span>\",\"margin\":\"large\",\"text_align\":\"center\",\"title_element\":\"h2\"}},{\"name\":\"\",\"type\":\"gallery\",\"props\":{\"filter_align\":\"left\",\"filter_all\":true,\"filter_grid_breakpoint\":\"m\",\"filter_grid_width\":\"auto\",\"filter_position\":\"top\",\"filter_style\":\"tab\",\"grid_column_gap\":\"medium\",\"grid_default\":\"1\",\"grid_medium\":\"\",\"grid_row_gap\":\"medium\",\"grid_small\":\"3\",\"image_width\":\"640\",\"item_animation\":true,\"link_style\":\"default\",\"link_text\":\"\",\"margin\":\"default\",\"meta_align\":\"below-title\",\"meta_element\":\"div\",\"meta_margin\":\"remove\",\"meta_style\":\"text-meta\",\"overlay_hover\":true,\"overlay_link\":true,\"overlay_margin\":\"small\",\"overlay_mode\":\"caption\",\"overlay_position\":\"bottom\",\"overlay_style\":\"tile-primary\",\"overlay_transition\":\"fade\",\"parallax_easing\":\"1\",\"show_content\":true,\"show_hover_image\":true,\"show_link\":true,\"show_meta\":true,\"show_title\":true,\"text_align\":\"left\",\"text_color\":\"light\",\"title_element\":\"h4\",\"title_hover_style\":\"reset\"},\"children\":[{\"name\":\"\",\"type\":\"gallery_item\",\"props\":{\"content\":\"\",\"image\":\"wp-content\\\/uploads\\\/2023\\\/03\\\/logtipo.jpg\",\"link\":\"index.php?page_id=21\",\"media_overlay\":\"rgba(220, 216, 216, 0.23)\",\"meta\":\"Advogado e S\\u00f3cio Fundador\",\"title\":\"Hazenclever Lopes Can\\u00e7ado\"}},{\"name\":\"\",\"type\":\"gallery_item\",\"props\":{\"image\":\"wp-content\\\/uploads\\\/2023\\\/03\\\/logtipo.jpg\",\"link\":\"index.php?page_id=21\",\"media_overlay\":\"rgba(220, 216, 216, 0.23)\",\"meta\":\"Gerente Administrativo-Financeiro\",\"title\":\"S\\u00f4nia Can\\u00e7ado\"}},{\"name\":\"\",\"type\":\"gallery_item\",\"props\":{\"image\":\"wp-content\\\/uploads\\\/2023\\\/03\\\/logtipo.jpg\",\"link\":\"index.php?page_id=21\",\"media_overlay\":\"rgba(220, 216, 216, 0.23)\",\"meta\":\"Advogado\",\"title\":\"Hazenclever Lopes Can\\u00e7ado J\\u00fanior\"}}]}]}]}]},{\"name\":\"publica\\u00e7\\u00f5es\",\"type\":\"section\",\"props\":{\"animation\":\"slide-top-small\",\"animation_delay\":false,\"image_position\":\"center-center\",\"padding\":\"large\",\"style\":\"default\",\"title_breakpoint\":\"xl\",\"title_position\":\"top-left\",\"title_rotation\":\"left\",\"vertical_align\":\"middle\",\"width\":\"default\"},\"children\":[{\"type\":\"row\",\"children\":[{\"type\":\"column\",\"props\":{\"image_position\":\"center-center\",\"media_overlay_gradient\":\"\",\"position_sticky_breakpoint\":\"m\"},\"children\":[{\"name\":\"\",\"type\":\"headline\",\"props\":{\"content\":\"Publica\\u00e7\\u00f5es\",\"margin\":\"large\",\"text_align\":\"center\",\"title_element\":\"h2\"}},{\"type\":\"grid\",\"props\":{\"content_column_breakpoint\":\"m\",\"filter_align\":\"left\",\"filter_all\":true,\"filter_grid_breakpoint\":\"m\",\"filter_grid_width\":\"auto\",\"filter_position\":\"top\",\"filter_style\":\"tab\",\"grid_default\":\"1\",\"grid_medium\":\"2\",\"icon_width\":\"50\",\"image_align\":\"left\",\"image_grid_breakpoint\":\"m\",\"image_grid_width\":\"auto\",\"image_svg_color\":\"emphasis\",\"item_animation\":true,\"link_style\":\"default\",\"link_target\":true,\"link_text\":\"Leia mais\",\"margin\":\"default\",\"meta_align\":\"below-title\",\"meta_element\":\"div\",\"meta_style\":\"text-meta\",\"show_content\":false,\"show_image\":true,\"show_link\":true,\"show_meta\":true,\"show_title\":true,\"title_align\":\"top\",\"title_element\":\"h4\",\"title_grid_breakpoint\":\"m\",\"title_grid_width\":\"1-2\",\"title_hover_style\":\"reset\"},\"children\":[{\"type\":\"grid_item\",\"props\":{\"content\":\"\n\n<p><span>Cartilha Elei\\u00e7\\u00f5es 2014 - Calend\\u00e1rio Eleitoral - 2a Edi\\u00e7\\u00e3o - Resolu\\u00e7\\u00e3o N. 23.390 do Tribunal Superior Eleitoral. Entenda as regras b\\u00e1sicas para a corrida eleitoral 2014...<\\\/span><\\\/p>\",\"icon\":\"file-pdf\",\"link\":\"wp-content\\\/uploads\\\/2023\\\/03\\\/cartilha_prazos_eleitorais_web.pdf\",\"title\":\"Cartilha Elei\\u00e7\\u00f5es 2014 - Calend\\u00e1rio Eleitoral\"}},{\"type\":\"grid_item\",\"props\":{\"content\":\"\n\n<p><span>O setor de franquias vem crescendo a passos largos no Brasil. Dados indicam que em 2013 foram abertas 13.699 franquias no Pa\\u00eds. Isso equivale a 38 neg\\u00f3cios por dia. Informa\\u00e7\\u00f5es financeiras revelam que o faturamento do franchising teve grande crescimento...<\\\/span><\\\/p>\",\"icon\":\"file-pdf\",\"link\":\"wp-content\\\/uploads\\\/2023\\\/03\\\/franquias_artigo.pdf\",\"title\":\"FRANQUIAS: Setor deve crescer 14% e faturar R$117 Bi - Mercado de Franquias gerou 285 mil novas vagas de emprego em 2013\"}},{\"type\":\"grid_item\",\"props\":{\"content\":\"\n\n<p><span>Trabalho de conclus\\u00e3o do curso de Direito - Hazenclever Lopes Can\\u00e7ado J\\u00fanior. Banca composta por: Prof. Dr. Gilmar Mendes (Orientador), Prof. Dr. Neviton Guedes, Prof. Mestre Rodrigo Mudrovitsch.<\\\/span><\\\/p>\",\"icon\":\"file-pdf\",\"link\":\"wp-content\\\/uploads\\\/2023\\\/03\\\/Monografia_HazencleverLopesCancadoJunior.pdf\",\"title\":\"\\\"Ser-no-mundo: as possibilidades da jurisdi\\u00e7\\u00e3o constitucional como experimento humano\\\"\"}},{\"type\":\"grid_item\",\"props\":{\"content\":\"\n\n<p><span>Ap\\u00f3s quase duas d\\u00e9cadas de tramita\\u00e7\\u00e3o de projetos de reforma pol\\u00edtica no Congresso, o Senado Federal e C\\u00e2mara dos Deputados modificaram a Lei Eleitoral (Lei n. 9.504\\\/1997) e a Lei dos Partidos Pol\\u00edticos (Lei n. 9.096\\\/1995), aprovando uma reforma eleitoral t\\u00edmida, de poucos avan\\u00e7os efetivos, alterando apenas regras eleitorais, sem mudan\\u00e7as amplas e essenciais reivindicadas pelos brasileiros que foram \\u00e0s ruas em Junho deste ano.\\u00a0<\\\/span><\\\/p>\",\"icon\":\"file-pdf\",\"link\":\"wp-content\\\/uploads\\\/2023\\\/03\\\/artigo_minireforma.pdf\",\"title\":\"Minireforna pol\\u00edtica trai a sociedade\"}}]},{\"type\":\"button\",\"props\":{\"button_size\":\"large\",\"grid_column_gap\":\"large\",\"grid_row_gap\":\"small\",\"margin\":\"default\",\"text_align\":\"center\"},\"children\":[{\"type\":\"button_item\",\"props\":{\"button_style\":\"primary\",\"content\":\"Veja todas as publica\\u00e7\\u00f5es\",\"icon_align\":\"left\",\"link\":\"index.php?page_id=6\"}}]}]}]}]}],\"version\":\"3.0.25\"} --><\/p>\n","protected":false},"excerpt":{"rendered":"<p>O Escrit\u00f3rio A Lopes Can\u00e7ado Advocacia e Consultoria Jur\u00eddica possui s\u00f3lida experi\u00eancia no mercado, tendo como principal preocupa\u00e7\u00e3o o atendimento aos nossos clientes com qualidade e presteza, e para isso contamos com a especializa\u00e7\u00e3o de uma equipe de advogados capaz de responder \u00e0s demandas de forma integral e eficaz, desde as inst\u00e2ncias prim\u00e1rias at\u00e9 os [&hellip;]<\/p>\n","protected":false},"author":1,"featured_media":0,"parent":0,"menu_order":8,"comment_status":"open","ping_status":"open","template":"","meta":{"footnotes":""},"class_list":["post-1","page","type-page","status-publish","hentry"],"acf":[],"_links":{"self":[{"href":"https:\/\/lopescancado.adv.br\/index.php?rest_route=\/wp\/v2\/pages\/1","targetHints":{"allow":["GET"]}}],"collection":[{"href":"https:\/\/lopescancado.adv.br\/index.php?rest_route=\/wp\/v2\/pages"}],"about":[{"href":"https:\/\/lopescancado.adv.br\/index.php?rest_route=\/wp\/v2\/types\/page"}],"author":[{"embeddable":true,"href":"https:\/\/lopescancado.adv.br\/index.php?rest_route=\/wp\/v2\/users\/1"}],"replies":[{"embeddable":true,"href":"https:\/\/lopescancado.adv.br\/index.php?rest_route=%2Fwp%2Fv2%2Fcomments&post=1"}],"version-history":[{"count":19,"href":"https:\/\/lopescancado.adv.br\/index.php?rest_route=\/wp\/v2\/pages\/1\/revisions"}],"predecessor-version":[{"id":3172,"href":"https:\/\/lopescancado.adv.br\/index.php?rest_route=\/wp\/v2\/pages\/1\/revisions\/3172"}],"wp:attachment":[{"href":"https:\/\/lopescancado.adv.br\/index.php?rest_route=%2Fwp%2Fv2%2Fmedia&parent=1"}],"curies":[{"name":"wp","href":"https:\/\/api.w.org\/{rel}","templated":true}]}}