{"id":21,"date":"2019-09-02T07:23:47","date_gmt":"2019-09-02T10:23:47","guid":{"rendered":"https:\/\/lopescancado.adv.br\/?p=21"},"modified":"2023-03-25T09:43:09","modified_gmt":"2023-03-25T12:43:09","slug":"equipe","status":"publish","type":"page","link":"https:\/\/lopescancado.adv.br\/?page_id=21","title":{"rendered":"Equipe"},"content":{"rendered":"<h2>Nossa<span class=\"uk-text-primary\"> Equipe<\/span><\/h2>\n<p><img decoding=\"async\" src=\"\/novosite\/wp-content\/uploads\/2023\/03\/Hazenclever-Lopes-Cancado_.webp\" alt=\"\"><\/p>\n<h3>Hazenclever Lopes Can\u00e7ado<\/h3>\n<div>Advogado e S\u00f3cio Fundador<\/div>\n<div>Advogado inscrito na OAB-DF sob o n. 31.628, graduado pela UNIEURO e p\u00f3s-graduado em Direito Eleitoral pelo Instituto Lu\u00eds Fl\u00e1vio Gomes. Membro da Comiss\u00e3o de Direitos Humanos da OAB\/DF. Servidor p\u00fablico federal e advogado militante com especializa\u00e7\u00e3o em Direito Eleitoral. Concluiu o curso de atualiza\u00e7\u00e3o em Direito Eleitoral e Processo Eleitoral realizado em Out\/2013, na ESA\/DF<\/div>\n<p><!--more--><br \/>\n<!-- {\"name\":\"\",\"type\":\"layout\",\"children\":[{\"name\":\"Hero\",\"type\":\"section\",\"props\":{\"css\":\".el-section > [class*='uk-background-'] { min-height: 40vh; }\",\"image\":\"wp-content\\\/uploads\\\/yootheme\\\/financial-services-hero.jpg\",\"image_effect\":\"parallax\",\"image_loading\":true,\"image_parallax_bgy\":\"0,120\",\"image_parallax_easing\":\"1\",\"image_position\":\"center-center\",\"image_width\":\"1560\",\"padding_remove_top\":true,\"style\":\"default\",\"title_breakpoint\":\"xl\",\"title_position\":\"top-left\",\"title_rotation\":\"left\",\"vertical_align\":\"middle\",\"width\":\"\"},\"children\":[{\"name\":\"\",\"type\":\"row\",\"children\":[{\"name\":\"\",\"type\":\"column\",\"props\":{\"image_position\":\"center-center\",\"media_overlay_gradient\":\"\",\"position_sticky_breakpoint\":\"m\",\"width_medium\":\"1-1\"}}]}]},{\"name\":\"Equipe\",\"type\":\"section\",\"props\":{\"animation_delay\":false,\"height_viewport\":false,\"image\":\"\",\"image_position\":\"center-center\",\"image_size\":\"cover\",\"media\":\"images\\\/home-quality.jpg\",\"padding\":\"xsmall\",\"style\":\"default\",\"text_color\":\"light\",\"title_breakpoint\":\"xl\",\"title_position\":\"top-left\",\"title_rotation\":\"left\",\"vertical_align\":\"middle\",\"width\":\"\"},\"children\":[{\"name\":\"\",\"type\":\"row\",\"props\":{\"column_gap\":\"medium\",\"row_gap\":\"medium\"},\"children\":[{\"name\":\"\",\"type\":\"column\",\"props\":{\"image\":\"\",\"image_height\":\"558\",\"image_position\":\"center-center\",\"image_size\":\"cover\",\"image_width\":\"522\",\"media_overlay_gradient\":\"\",\"padding\":\"xlarge\",\"position_sticky_breakpoint\":\"m\",\"width_medium\":\"1-1\"},\"children\":[{\"name\":\"\",\"type\":\"headline\",\"props\":{\"content\":\"Nossa<span class=\\\"uk-text-primary\\\"> Equipe<\\\/span>\",\"margin\":\"large\",\"text_align\":\"center\",\"title_element\":\"h2\"}}]}]},{\"type\":\"row\",\"props\":{\"layout\":\"1-4,3-4\",\"margin\":\"large\"},\"children\":[{\"type\":\"column\",\"props\":{\"image_position\":\"center-center\",\"media_overlay_gradient\":\"\",\"position_sticky_breakpoint\":\"m\",\"width_medium\":\"1-4\"},\"children\":[{\"type\":\"image\",\"props\":{\"image\":\"wp-content\\\/uploads\\\/2023\\\/03\\\/Hazenclever-Lopes-Cancado_.webp\",\"image_svg_color\":\"emphasis\",\"margin\":\"default\"}}]},{\"type\":\"column\",\"props\":{\"image_position\":\"center-center\",\"media_overlay_gradient\":\"\",\"position_sticky_breakpoint\":\"m\",\"width_medium\":\"3-4\"},\"children\":[{\"type\":\"headline\",\"props\":{\"content\":\"Hazenclever Lopes Can\\u00e7ado\",\"margin_remove_bottom\":true,\"title_element\":\"h3\"}},{\"type\":\"text\",\"props\":{\"column_breakpoint\":\"m\",\"content\":\"Advogado e S\\u00f3cio Fundador\",\"margin\":\"default\",\"margin_remove_top\":true,\"text_style\":\"meta\"}},{\"type\":\"text\",\"props\":{\"column_breakpoint\":\"m\",\"content\":\"Advogado inscrito na OAB-DF sob o n. 31.628, graduado pela UNIEURO e p\\u00f3s-graduado em Direito Eleitoral pelo Instituto Lu\\u00eds Fl\\u00e1vio Gomes. Membro da Comiss\\u00e3o de Direitos Humanos da OAB\\\/DF. Servidor p\\u00fablico federal e advogado militante com especializa\\u00e7\\u00e3o em Direito Eleitoral. Concluiu o curso de atualiza\\u00e7\\u00e3o em Direito Eleitoral e Processo Eleitoral realizado em Out\\\/2013, na ESA\\\/DF\",\"margin\":\"default\"}}]}]},{\"type\":\"row\",\"props\":{\"layout\":\"1-3,1-3,1-3\",\"status\":\"disabled\"},\"children\":[{\"type\":\"column\",\"props\":{\"image_position\":\"center-center\",\"media_overlay_gradient\":\"\",\"position_sticky_breakpoint\":\"m\",\"width_medium\":\"1-3\"},\"children\":[{\"type\":\"image\",\"props\":{\"image_svg_color\":\"emphasis\",\"margin\":\"default\"}},{\"type\":\"headline\",\"props\":{\"content\":\"Hazenclever Lopes Can\\u00e7ado\",\"margin_remove_bottom\":true,\"title_element\":\"h3\"}},{\"type\":\"text\",\"props\":{\"column_breakpoint\":\"m\",\"content\":\"Advogado e S\\u00f3cio Fundador\",\"margin\":\"default\",\"margin_remove_top\":true,\"text_style\":\"meta\"}},{\"type\":\"text\",\"props\":{\"column_breakpoint\":\"m\",\"content\":\"Advogado inscrito na OAB-DF sob o n. 31.628, graduado pela UNIEURO e p\\u00f3s-graduado em Direito Eleitoral pelo Instituto Lu\\u00eds Fl\\u00e1vio Gomes. Membro da Comiss\\u00e3o de Direitos Humanos da OAB\\\/DF. Servidor p\\u00fablico federal e advogado militante com especializa\\u00e7\\u00e3o em Direito Eleitoral. Concluiu o curso de atualiza\\u00e7\\u00e3o em Direito Eleitoral e Processo Eleitoral realizado em Out\\\/2013, na ESA\\\/DF\",\"margin\":\"default\"}}]},{\"type\":\"column\",\"props\":{\"image_position\":\"center-center\",\"media_overlay_gradient\":\"\",\"position_sticky_breakpoint\":\"m\",\"width_medium\":\"1-3\"},\"children\":[{\"type\":\"image\",\"props\":{\"image_svg_color\":\"emphasis\",\"margin\":\"default\"}},{\"type\":\"headline\",\"props\":{\"content\":\"S\\u00f4nia Can\\u00e7ado\",\"margin_remove_bottom\":true,\"title_element\":\"h3\"}},{\"type\":\"text\",\"props\":{\"column_breakpoint\":\"m\",\"content\":\"Gerente Administrativo-Financeiro\",\"margin\":\"default\",\"margin_remove_top\":true,\"text_style\":\"meta\"}},{\"type\":\"text\",\"props\":{\"column_breakpoint\":\"m\",\"content\":\"Administradora inscrita no CRA-DF solu\\u00e7o o n. 19,261.\",\"margin\":\"default\"}}]},{\"type\":\"column\",\"props\":{\"image_position\":\"center-center\",\"media_overlay_gradient\":\"\",\"position_sticky_breakpoint\":\"m\",\"width_medium\":\"1-3\"},\"children\":[{\"type\":\"image\",\"props\":{\"image_svg_color\":\"emphasis\",\"margin\":\"default\"}},{\"type\":\"headline\",\"props\":{\"content\":\"Hazenclever Lopes Can\\u00e7ado J\\u00fanior\",\"margin_remove_bottom\":true,\"title_element\":\"h3\"}},{\"type\":\"text\",\"props\":{\"column_breakpoint\":\"m\",\"content\":\"Advogado\",\"margin\":\"default\",\"margin_remove_top\":true,\"text_style\":\"meta\"}},{\"type\":\"text\",\"props\":{\"column_breakpoint\":\"m\",\"content\":\"Advogado inscrito na OAB\\\/DF sob o n. 43.590; Mestrando em Direito Constitucional pela Universidade de S\\u00e3o Paulo (\\u00c1rea de Concentra\\u00e7\\u00e3o: Direito do Estado) e bacharel em Direito pela Universidade de Bras\\u00edlia (UnB). Ex-integrante dos grupos de pesquisa da Faculdade de Direito da Universidade de Bras\\u00edlia denominados \\u201cJurisdi\\u00e7\\u00e3o Constitucional e Direitos Fundamentais\\u201d, \\u201cExperimentalismo Institucional\\u201d e \\u201cJurisdi\\u00e7\\u00e3o Constitucional em 2020\\u201d. Tem se dedicado \\u00e0 pesquisa da evolu\\u00e7\\u00e3o da jurisdi\\u00e7\\u00e3o constitucional no Brasil, de suas perspectivas para a pr\\u00f3xima d\\u00e9cada e, mais especificamente, aos temas: experimentalismo institucional, living constitutionalism, constitucionalismo democr\\u00e1tico e democracia deliberativa. Com experi\\u00eancia profissional no Tribunal de Justi\\u00e7a do Distrito Federal e Territ\\u00f3rios, no Minist\\u00e9rio P\\u00fablico e em grandes Escrit\\u00f3rios de Advocacia de Bras\\u00edlia, \\u00e9 militante em Direito Constitucional, Direito Administraitvo, Direito Civil e Direito Eleitoral. & nbsp; & nbsp; & nbsp; & nbsp\",\"margin\":\"default\"}}]}]}]}],\"version\":\"3.0.25\"} --><\/p>\n","protected":false},"excerpt":{"rendered":"<p>Nossa Equipe Hazenclever Lopes Can\u00e7ado Advogado e S\u00f3cio Fundador Advogado inscrito na OAB-DF sob o n. 31.628, graduado pela UNIEURO e p\u00f3s-graduado em Direito Eleitoral pelo Instituto Lu\u00eds Fl\u00e1vio Gomes. Membro da Comiss\u00e3o de Direitos Humanos da OAB\/DF. Servidor p\u00fablico federal e advogado militante com especializa\u00e7\u00e3o em Direito Eleitoral. Concluiu o curso de atualiza\u00e7\u00e3o em [&hellip;]<\/p>\n","protected":false},"author":1,"featured_media":0,"parent":0,"menu_order":5,"comment_status":"open","ping_status":"closed","template":"","meta":{"footnotes":""},"class_list":["post-21","page","type-page","status-publish","hentry"],"acf":[],"_links":{"self":[{"href":"https:\/\/lopescancado.adv.br\/index.php?rest_route=\/wp\/v2\/pages\/21","targetHints":{"allow":["GET"]}}],"collection":[{"href":"https:\/\/lopescancado.adv.br\/index.php?rest_route=\/wp\/v2\/pages"}],"about":[{"href":"https:\/\/lopescancado.adv.br\/index.php?rest_route=\/wp\/v2\/types\/page"}],"author":[{"embeddable":true,"href":"https:\/\/lopescancado.adv.br\/index.php?rest_route=\/wp\/v2\/users\/1"}],"replies":[{"embeddable":true,"href":"https:\/\/lopescancado.adv.br\/index.php?rest_route=%2Fwp%2Fv2%2Fcomments&post=21"}],"version-history":[{"count":4,"href":"https:\/\/lopescancado.adv.br\/index.php?rest_route=\/wp\/v2\/pages\/21\/revisions"}],"predecessor-version":[{"id":3019,"href":"https:\/\/lopescancado.adv.br\/index.php?rest_route=\/wp\/v2\/pages\/21\/revisions\/3019"}],"wp:attachment":[{"href":"https:\/\/lopescancado.adv.br\/index.php?rest_route=%2Fwp%2Fv2%2Fmedia&parent=21"}],"curies":[{"name":"wp","href":"https:\/\/api.w.org\/{rel}","templated":true}]}}