{"id":6,"date":"2019-09-02T07:23:47","date_gmt":"2019-09-02T10:23:47","guid":{"rendered":"https:\/\/lopescancado.adv.br\/?p=6"},"modified":"2023-04-12T08:18:23","modified_gmt":"2023-04-12T11:18:23","slug":"publicacoes","status":"publish","type":"page","link":"https:\/\/lopescancado.adv.br\/?page_id=6","title":{"rendered":"Publica\u00e7\u00f5es"},"content":{"rendered":"<div>\n<h1>Publica\u00e7\u00f5es<\/h1>\n<div>\n<p><span>Conhe\u00e7a nossas publica\u00e7\u00f5es jur\u00eddicas e fique por dentro das \u00faltimas novidades em direito!<\/span><\/p>\n<\/div>\n<\/div>\n<ul>\n<li>\n<h3>Cartilha Elei\u00e7\u00f5es 2014 &#8211; Calend\u00e1rio Eleitoral<\/h3>\n<div>\n<p><span>Cartilha Elei\u00e7\u00f5es 2014 &#8211; Calend\u00e1rio Eleitoral &#8211; 2a Edi\u00e7\u00e3o &#8211; Resolu\u00e7\u00e3o N. 23.390 do Tribunal Superior Eleitoral. Entenda as regras b\u00e1sicas para a corrida eleitoral 2014&#8230;<\/span><\/p>\n<\/div>\n<p><a href=\"\/novosite\/wp-content\/uploads\/2023\/03\/cartilha_prazos_eleitorais_web.pdf\">Leia mais<\/a><\/p>\n<\/li>\n<li>\n<h3>FRANQUIAS: Setor deve crescer 14% e faturar R$117 Bi &#8211; Mercado de Franquias gerou 285 mil novas vagas de emprego em 2013<\/h3>\n<div>\n<p><span>O setor de franquias vem crescendo a passos largos no Brasil. Dados indicam que em 2013 foram abertas 13.699 franquias no Pa\u00eds. Isso equivale a 38 neg\u00f3cios por dia. Informa\u00e7\u00f5es financeiras revelam que o faturamento do franchising teve grande crescimento&#8230;<\/span><\/p>\n<\/div>\n<p><a href=\"\/novosite\/wp-content\/uploads\/2023\/03\/franquias_artigo.pdf\">Leia mais<\/a><\/p>\n<\/li>\n<li>\n<h3>&#8220;Ser-no-mundo: as possibilidades da jurisdi\u00e7\u00e3o constitucional como experimento humano&#8221;<\/h3>\n<div>\n<p><span>Trabalho de conclus\u00e3o do curso de Direito &#8211; Hazenclever Lopes Can\u00e7ado J\u00fanior. Banca composta por: Prof. Dr. Gilmar Mendes (Orientador), Prof. Dr. Neviton Guedes, Prof. Mestre Rodrigo Mudrovitsch.<\/span><\/p>\n<\/div>\n<p><a href=\"\/novosite\/wp-content\/uploads\/2023\/03\/Monografia_HazencleverLopesCancadoJunior.pdf\">Leia mais<\/a><\/p>\n<\/li>\n<li>\n<h3>Minireforna pol\u00edtica trai a sociedade<\/h3>\n<div>\n<p><span>Ap\u00f3s quase duas d\u00e9cadas de tramita\u00e7\u00e3o de projetos de reforma pol\u00edtica no Congresso, o Senado Federal e C\u00e2mara dos Deputados modificaram a Lei Eleitoral (Lei n. 9.504\/1997) e a Lei dos Partidos Pol\u00edticos (Lei n. 9.096\/1995), aprovando uma reforma eleitoral t\u00edmida, de poucos avan\u00e7os efetivos, alterando apenas regras eleitorais, sem mudan\u00e7as amplas e essenciais reivindicadas pelos brasileiros que foram \u00e0s ruas em Junho deste ano.\u00a0<\/span><\/p>\n<\/div>\n<p><a href=\"\/novosite\/wp-content\/uploads\/2023\/03\/artigo_minireforma.pdf\">Leia mais<\/a><\/p>\n<\/li>\n<li>\n<h3>O Papel do Poder Judici\u00e1rio em tempos de emerg\u00eancia nacional: Uma an\u00e1lise da Suprema Corte dos EUA no P\u00f3s-11\/9<\/h3>\n<div>\n<p><span>O presente projeto analisa o papel da Corte Constitucional em tempos de emerg\u00eancia nacional a partir da atua\u00e7\u00e3o da Suprema Corte dos EUA no cen\u00e1rio subsequente aos atentados de 11 de setembro. Ser\u00e1 demonstrado o papel fundamental do Judici\u00e1rio e do Legislativo frente aos principais desafios ao constitucionalismo e \u00e0 democracia impostos pelo terrorismo.<\/span><\/p>\n<\/div>\n<p><a href=\"\/novosite\/wp-content\/uploads\/2023\/03\/PIBIC_Publicacao_v_3.pdf\">Leia mais<\/a><\/p>\n<\/li>\n<li>\n<h3>A desincompatibiliza\u00e7\u00e3o \u00e9 o ato pelo qual o candidato \u00e9 obrigado a se afastar de certas fun\u00e7\u00f5es, com vistas \u00e0 disputa eleitoral.<\/h3>\n<div>\n<p><span>A desincompatibiliza\u00e7\u00e3o \u00e9 o ato pelo qual o candidato \u00e9 obrigado a se afastar de certas fun\u00e7\u00f5es, cargos ou empregos, na administra\u00e7\u00e3o p\u00fablica, direta ou indireta, com vistas \u00e0 disputa eleitoral.<\/span><br \/><span>Trata-se de medida de fundo Constitucional, que visa &#8220;proteger a probidade administrativa, a moralidade para o exerc\u00edcio do mandato, considerada a vida pregressa do candidato, e a normalidade&#8230;<\/span><\/p>\n<\/div>\n<p><a href=\"\/novosite\/wp-content\/uploads\/2023\/03\/Tabela_Desincompatibilizacao.pdf\">Leia mais<\/a><\/p>\n<\/li>\n<li>\n<h3>Regras b\u00e1sicas Elei\u00e7\u00f5es 2012<\/h3>\n<div>\n<p><span>Entenda as regras b\u00e1sicas para a corrida eleitoral e acompanhe o cen\u00e1rio para as Elei\u00e7\u00f5es 2012.<\/span><\/p>\n<\/div>\n<p><a href=\"\/novosite\/wp-content\/uploads\/2023\/03\/Eleicoes_2012_regras.pdf\">Leia mais<\/a><\/p>\n<\/li>\n<li>\n<h3>Cartilha Elei\u00e7\u00f5es 2012<\/h3>\n<div>\n<p><span>Cartilha Elei\u00e7\u00f5es 2012 &#8211; Calend\u00e1rio Eleitoral &#8211; Resolu\u00e7\u00e3o N. 23.341 do Tribunal Superior Eleitoral.<\/span><\/p>\n<\/div>\n<p><a href=\"\/novosite\/wp-content\/uploads\/2023\/03\/Cartilha_Prazos_Eleitorais.pdf\">Leia mais<\/a><\/p>\n<\/li>\n<li>\n<h3>A pedofilia, a internet e o direito: A conduta do ped\u00f3filo e quest\u00f5es sobre a tipifica\u00e7\u00e3o<\/h3>\n<div>\n<p><span>Por meio do m\u00e9todo bibliogr\u00e1fico, o presente trabalho acad\u00eamico discorre de forma ampla o transtorno de prefer\u00eancia sexual da pedofilia no Brasil e no mundo, al\u00e9m de tratar da an\u00e1lise das medidas preventivas, suas implica\u00e7\u00f5es penais e a real necessidade de outras criminaliza\u00e7\u00f5es de condutas para delitos ped\u00f3filos, descrevendo, juridicamente, o assunto em toda a sua amplitude no Brasil e no mundo nos dias hodiernos, sobretudo quanto ao uso inadequado e criminoso da Rede Mundial de Internet pelos portadores deste transtorno de prefer\u00eancia sexual.\u00a0<\/span><\/p>\n<\/div>\n<p><a href=\"\/novosite\/wp-content\/uploads\/2023\/03\/artigo_pedofilia_internet.pdf\">Leia mais<\/a><\/p>\n<\/li>\n<li>\n<h3>Os direitos fundamentais, a jurisdi\u00e7\u00e3o constitucional e a consolida\u00e7\u00e3o do constitucionalismo<\/h3>\n<div>\n<p><span>O presente trabalho cient\u00edfico tem por objeto demonstrar a rela\u00e7\u00e3o existente entre os direitos fundamentais, a jurisdi\u00e7\u00e3o constitucional e o constitucionalismo moderno, bem como questionar a possibilidade, ou n\u00e3o, da consolida\u00e7\u00e3o deste constitucionalismo na ordem constitucional democr\u00e1tica em termos institucionais.<\/span><\/p>\n<\/div>\n<p><a href=\"\/novosite\/wp-content\/uploads\/2023\/03\/projeto_mestrado_unb_5.pdf\">Leia mais<\/a><\/p>\n<\/li>\n<li>\n<h3>Da reparti\u00e7\u00e3o de compet\u00eancias na Rep\u00fablica Federativa do Brasil e o posicionamento do Supremo Tribunal Federal (STF)<\/h3>\n<div>\n<p><span>O atual desenho federativo em vigor no Pa\u00eds (Constitui\u00e7\u00e3o Federal, artigo 18, caput) confere autonomia aos entes federativos, quais sejam, Uni\u00e3o, Estados, Distrito Federal e Munic\u00edpios. E esta autonomia pressup\u00f5e reparti\u00e7\u00e3o de compet\u00eancias legislativas, administrativas e tribut\u00e1rias, sendo, pois, um dos pontos caracterizadores e asseguradores da harmonia na Rep\u00fablica Federativa.<\/span><\/p>\n<\/div>\n<p><a href=\"\/novosite\/wp-content\/uploads\/2023\/03\/artigo_fortium.pdf\">Leia mais<\/a><\/p>\n<\/li>\n<\/ul>\n<p><!--more--><br \/>\n<!-- {\"name\":\"Services\",\"type\":\"layout\",\"children\":[{\"name\":\"Hero\",\"type\":\"section\",\"props\":{\"height\":\"section\",\"image\":\"\",\"image_position\":\"center-center\",\"image_size\":\"cover\",\"media\":\"images\\\/service-header.jpg\",\"media_background\":\"rgba(55, 82, 170, 0.9)\",\"media_blend_mode\":\"multiply\",\"media_overlay\":\"rgba(30, 54, 132, 0.7)\",\"padding\":\"xlarge\",\"style\":\"default\",\"text_color\":\"light\",\"title_breakpoint\":\"xl\",\"title_position\":\"top-left\",\"title_rotation\":\"left\",\"vertical_align\":\"middle\",\"video\":\"wp-content\\\/uploads\\\/yootheme\\\/projects-hero-video.mp4\",\"video_fallback\":\"\",\"width\":\"default\"},\"children\":[{\"name\":\"\",\"type\":\"row\",\"props\":{\"column_gap\":\"small\",\"layout\":\"1-2,1-2\",\"row_gap\":\"small\",\"width\":\"default\"},\"children\":[{\"name\":\"\",\"type\":\"column\",\"props\":{\"image_position\":\"center-center\",\"media_overlay_gradient\":\"\",\"position_sticky_breakpoint\":\"m\",\"width_medium\":\"1-2\"},\"children\":[{\"name\":\"\",\"type\":\"panel\",\"props\":{\"content\":\"\n\n<p><span>Conhe\\u00e7a nossas publica\\u00e7\\u00f5es jur\\u00eddicas e fique por dentro das \\u00faltimas novidades em direito!<\\\/span><\\\/p>\",\"content_column_breakpoint\":\"m\",\"icon_width\":80,\"image_align\":\"top\",\"image_grid_breakpoint\":\"m\",\"image_grid_width\":\"1-2\",\"image_svg_color\":\"emphasis\",\"link_style\":\"default\",\"link_text\":\"Read more\",\"margin\":\"medium\",\"maxwidth\":\"large\",\"meta_align\":\"below-title\",\"meta_element\":\"div\",\"meta_style\":\"text-meta\",\"title\":\"Publica\\u00e7\\u00f5es\",\"title_align\":\"top\",\"title_element\":\"h1\",\"title_grid_breakpoint\":\"m\",\"title_grid_width\":\"1-2\",\"title_hover_style\":\"reset\"}}]},{\"name\":\"\",\"type\":\"column\",\"props\":{\"image_position\":\"center-center\",\"media_overlay_gradient\":\"\",\"position_sticky_breakpoint\":\"m\",\"width_medium\":\"1-2\"}}]}]},{\"name\":\"Projects\",\"type\":\"section\",\"props\":{\"animation\":\"slide-top-small\",\"animation_delay\":false,\"image_position\":\"center-center\",\"padding\":\"large\",\"style\":\"default\",\"title_breakpoint\":\"xl\",\"title_position\":\"top-left\",\"title_rotation\":\"left\",\"vertical_align\":\"middle\",\"width\":\"default\"},\"children\":[{\"type\":\"row\",\"children\":[{\"type\":\"column\",\"props\":{\"image_position\":\"center-center\",\"media_overlay_gradient\":\"\",\"position_sticky_breakpoint\":\"m\"},\"children\":[{\"type\":\"grid\",\"props\":{\"content_column_breakpoint\":\"m\",\"filter_align\":\"left\",\"filter_all\":true,\"filter_grid_breakpoint\":\"m\",\"filter_grid_width\":\"auto\",\"filter_position\":\"top\",\"filter_style\":\"tab\",\"grid_default\":\"1\",\"grid_medium\":\"2\",\"icon_width\":\"50\",\"image_align\":\"left\",\"image_grid_breakpoint\":\"m\",\"image_grid_width\":\"auto\",\"image_svg_color\":\"emphasis\",\"item_animation\":true,\"link_style\":\"default\",\"link_target\":true,\"link_text\":\"Leia mais\",\"margin\":\"default\",\"meta_align\":\"below-title\",\"meta_element\":\"div\",\"meta_style\":\"text-meta\",\"show_content\":true,\"show_image\":true,\"show_link\":true,\"show_meta\":true,\"show_title\":true,\"title_align\":\"top\",\"title_element\":\"h3\",\"title_grid_breakpoint\":\"m\",\"title_grid_width\":\"1-2\",\"title_hover_style\":\"reset\"},\"children\":[{\"type\":\"grid_item\",\"props\":{\"content\":\"\n\n<p><span>Cartilha Elei\\u00e7\\u00f5es 2014 - Calend\\u00e1rio Eleitoral - 2a Edi\\u00e7\\u00e3o - Resolu\\u00e7\\u00e3o N. 23.390 do Tribunal Superior Eleitoral. Entenda as regras b\\u00e1sicas para a corrida eleitoral 2014...<\\\/span><\\\/p>\",\"icon\":\"file-pdf\",\"link\":\"wp-content\\\/uploads\\\/2023\\\/03\\\/cartilha_prazos_eleitorais_web.pdf\",\"title\":\"Cartilha Elei\\u00e7\\u00f5es 2014 - Calend\\u00e1rio Eleitoral\"}},{\"type\":\"grid_item\",\"props\":{\"content\":\"\n\n<p><span>O setor de franquias vem crescendo a passos largos no Brasil. Dados indicam que em 2013 foram abertas 13.699 franquias no Pa\\u00eds. Isso equivale a 38 neg\\u00f3cios por dia. Informa\\u00e7\\u00f5es financeiras revelam que o faturamento do franchising teve grande crescimento...<\\\/span><\\\/p>\",\"icon\":\"file-pdf\",\"link\":\"wp-content\\\/uploads\\\/2023\\\/03\\\/franquias_artigo.pdf\",\"title\":\"FRANQUIAS: Setor deve crescer 14% e faturar R$117 Bi - Mercado de Franquias gerou 285 mil novas vagas de emprego em 2013\"}},{\"type\":\"grid_item\",\"props\":{\"content\":\"\n\n<p><span>Trabalho de conclus\\u00e3o do curso de Direito - Hazenclever Lopes Can\\u00e7ado J\\u00fanior. Banca composta por: Prof. Dr. Gilmar Mendes (Orientador), Prof. Dr. Neviton Guedes, Prof. Mestre Rodrigo Mudrovitsch.<\\\/span><\\\/p>\",\"icon\":\"file-pdf\",\"link\":\"wp-content\\\/uploads\\\/2023\\\/03\\\/Monografia_HazencleverLopesCancadoJunior.pdf\",\"title\":\"\\\"Ser-no-mundo: as possibilidades da jurisdi\\u00e7\\u00e3o constitucional como experimento humano\\\"\"}},{\"type\":\"grid_item\",\"props\":{\"content\":\"\n\n<p><span>Ap\\u00f3s quase duas d\\u00e9cadas de tramita\\u00e7\\u00e3o de projetos de reforma pol\\u00edtica no Congresso, o Senado Federal e C\\u00e2mara dos Deputados modificaram a Lei Eleitoral (Lei n. 9.504\\\/1997) e a Lei dos Partidos Pol\\u00edticos (Lei n. 9.096\\\/1995), aprovando uma reforma eleitoral t\\u00edmida, de poucos avan\\u00e7os efetivos, alterando apenas regras eleitorais, sem mudan\\u00e7as amplas e essenciais reivindicadas pelos brasileiros que foram \\u00e0s ruas em Junho deste ano.\\u00a0<\\\/span><\\\/p>\",\"icon\":\"file-pdf\",\"link\":\"wp-content\\\/uploads\\\/2023\\\/03\\\/artigo_minireforma.pdf\",\"title\":\"Minireforna pol\\u00edtica trai a sociedade\"}},{\"type\":\"grid_item\",\"props\":{\"content\":\"\n\n<p><span>O presente projeto analisa o papel da Corte Constitucional em tempos de emerg\\u00eancia nacional a partir da atua\\u00e7\\u00e3o da Suprema Corte dos EUA no cen\\u00e1rio subsequente aos atentados de 11 de setembro. Ser\\u00e1 demonstrado o papel fundamental do Judici\\u00e1rio e do Legislativo frente aos principais desafios ao constitucionalismo e \\u00e0 democracia impostos pelo terrorismo.<\\\/span><\\\/p>\",\"icon\":\"file-pdf\",\"link\":\"wp-content\\\/uploads\\\/2023\\\/03\\\/PIBIC_Publicacao_v_3.pdf\",\"title\":\"O Papel do Poder Judici\\u00e1rio em tempos de emerg\\u00eancia nacional: Uma an\\u00e1lise da Suprema Corte dos EUA no P\\u00f3s-11\\\/9\"}},{\"type\":\"grid_item\",\"props\":{\"content\":\"\n\n<p><span>A desincompatibiliza\\u00e7\\u00e3o \\u00e9 o ato pelo qual o candidato \\u00e9 obrigado a se afastar de certas fun\\u00e7\\u00f5es, cargos ou empregos, na administra\\u00e7\\u00e3o p\\u00fablica, direta ou indireta, com vistas \\u00e0 disputa eleitoral.<\\\/span><br \\\/><span>Trata-se de medida de fundo Constitucional, que visa \\\"proteger a probidade administrativa, a moralidade para o exerc\\u00edcio do mandato, considerada a vida pregressa do candidato, e a normalidade...<\\\/span><\\\/p>\",\"icon\":\"file-pdf\",\"link\":\"wp-content\\\/uploads\\\/2023\\\/03\\\/Tabela_Desincompatibilizacao.pdf\",\"title\":\"A desincompatibiliza\\u00e7\\u00e3o \\u00e9 o ato pelo qual o candidato \\u00e9 obrigado a se afastar de certas fun\\u00e7\\u00f5es, com vistas \\u00e0 disputa eleitoral.\"}},{\"type\":\"grid_item\",\"props\":{\"content\":\"\n\n<p><span>Entenda as regras b\\u00e1sicas para a corrida eleitoral e acompanhe o cen\\u00e1rio para as Elei\\u00e7\\u00f5es 2012.<\\\/span><\\\/p>\",\"icon\":\"file-pdf\",\"link\":\"wp-content\\\/uploads\\\/2023\\\/03\\\/Eleicoes_2012_regras.pdf\",\"title\":\"Regras b\\u00e1sicas Elei\\u00e7\\u00f5es 2012\"}},{\"type\":\"grid_item\",\"props\":{\"content\":\"\n\n<p><span>Cartilha Elei\\u00e7\\u00f5es 2012 - Calend\\u00e1rio Eleitoral - Resolu\\u00e7\\u00e3o N. 23.341 do Tribunal Superior Eleitoral.<\\\/span><\\\/p>\",\"icon\":\"file-pdf\",\"link\":\"wp-content\\\/uploads\\\/2023\\\/03\\\/Cartilha_Prazos_Eleitorais.pdf\",\"title\":\"Cartilha Elei\\u00e7\\u00f5es 2012\"}},{\"type\":\"grid_item\",\"props\":{\"content\":\"\n\n<p><span>Por meio do m\\u00e9todo bibliogr\\u00e1fico, o presente trabalho acad\\u00eamico discorre de forma ampla o transtorno de prefer\\u00eancia sexual da pedofilia no Brasil e no mundo, al\\u00e9m de tratar da an\\u00e1lise das medidas preventivas, suas implica\\u00e7\\u00f5es penais e a real necessidade de outras criminaliza\\u00e7\\u00f5es de condutas para delitos ped\\u00f3filos, descrevendo, juridicamente, o assunto em toda a sua amplitude no Brasil e no mundo nos dias hodiernos, sobretudo quanto ao uso inadequado e criminoso da Rede Mundial de Internet pelos portadores deste transtorno de prefer\\u00eancia sexual.\\u00a0<\\\/span><\\\/p>\",\"icon\":\"file-pdf\",\"link\":\"wp-content\\\/uploads\\\/2023\\\/03\\\/artigo_pedofilia_internet.pdf\",\"title\":\"A pedofilia, a internet e o direito: A conduta do ped\\u00f3filo e quest\\u00f5es sobre a tipifica\\u00e7\\u00e3o\"}},{\"type\":\"grid_item\",\"props\":{\"content\":\"\n\n<p><span>O presente trabalho cient\\u00edfico tem por objeto demonstrar a rela\\u00e7\\u00e3o existente entre os direitos fundamentais, a jurisdi\\u00e7\\u00e3o constitucional e o constitucionalismo moderno, bem como questionar a possibilidade, ou n\\u00e3o, da consolida\\u00e7\\u00e3o deste constitucionalismo na ordem constitucional democr\\u00e1tica em termos institucionais.<\\\/span><\\\/p>\",\"icon\":\"file-pdf\",\"link\":\"wp-content\\\/uploads\\\/2023\\\/03\\\/projeto_mestrado_unb_5.pdf\",\"title\":\"Os direitos fundamentais, a jurisdi\\u00e7\\u00e3o constitucional e a consolida\\u00e7\\u00e3o do constitucionalismo\"}},{\"type\":\"grid_item\",\"props\":{\"content\":\"\n\n<p><span>O atual desenho federativo em vigor no Pa\\u00eds (Constitui\\u00e7\\u00e3o Federal, artigo 18, caput) confere autonomia aos entes federativos, quais sejam, Uni\\u00e3o, Estados, Distrito Federal e Munic\\u00edpios. E esta autonomia pressup\\u00f5e reparti\\u00e7\\u00e3o de compet\\u00eancias legislativas, administrativas e tribut\\u00e1rias, sendo, pois, um dos pontos caracterizadores e asseguradores da harmonia na Rep\\u00fablica Federativa.<\\\/span><\\\/p>\",\"icon\":\"file-pdf\",\"link\":\"wp-content\\\/uploads\\\/2023\\\/03\\\/artigo_fortium.pdf\",\"title\":\"Da reparti\\u00e7\\u00e3o de compet\\u00eancias na Rep\\u00fablica Federativa do Brasil e o posicionamento do Supremo Tribunal Federal (STF)\"}}]}]}]}]}],\"version\":\"3.0.25\"} --><\/p>\n","protected":false},"excerpt":{"rendered":"<p>Publica\u00e7\u00f5es Conhe\u00e7a nossas publica\u00e7\u00f5es jur\u00eddicas e fique por dentro das \u00faltimas novidades em direito! Cartilha Elei\u00e7\u00f5es 2014 &#8211; Calend\u00e1rio Eleitoral Cartilha Elei\u00e7\u00f5es 2014 &#8211; Calend\u00e1rio Eleitoral &#8211; 2a Edi\u00e7\u00e3o &#8211; Resolu\u00e7\u00e3o N. 23.390 do Tribunal Superior Eleitoral. Entenda as regras b\u00e1sicas para a corrida eleitoral 2014&#8230; Leia mais FRANQUIAS: Setor deve crescer 14% e faturar [&hellip;]<\/p>\n","protected":false},"author":1,"featured_media":0,"parent":0,"menu_order":11,"comment_status":"open","ping_status":"closed","template":"","meta":{"footnotes":""},"class_list":["post-6","page","type-page","status-publish","hentry"],"acf":[],"_links":{"self":[{"href":"https:\/\/lopescancado.adv.br\/index.php?rest_route=\/wp\/v2\/pages\/6","targetHints":{"allow":["GET"]}}],"collection":[{"href":"https:\/\/lopescancado.adv.br\/index.php?rest_route=\/wp\/v2\/pages"}],"about":[{"href":"https:\/\/lopescancado.adv.br\/index.php?rest_route=\/wp\/v2\/types\/page"}],"author":[{"embeddable":true,"href":"https:\/\/lopescancado.adv.br\/index.php?rest_route=\/wp\/v2\/users\/1"}],"replies":[{"embeddable":true,"href":"https:\/\/lopescancado.adv.br\/index.php?rest_route=%2Fwp%2Fv2%2Fcomments&post=6"}],"version-history":[{"count":5,"href":"https:\/\/lopescancado.adv.br\/index.php?rest_route=\/wp\/v2\/pages\/6\/revisions"}],"predecessor-version":[{"id":3171,"href":"https:\/\/lopescancado.adv.br\/index.php?rest_route=\/wp\/v2\/pages\/6\/revisions\/3171"}],"wp:attachment":[{"href":"https:\/\/lopescancado.adv.br\/index.php?rest_route=%2Fwp%2Fv2%2Fmedia&parent=6"}],"curies":[{"name":"wp","href":"https:\/\/api.w.org\/{rel}","templated":true}]}}